{"id":972,"date":"2023-04-05T09:23:32","date_gmt":"2023-04-05T09:23:32","guid":{"rendered":"https:\/\/jornadasaepdiri2023.com\/?page_id=972"},"modified":"2023-04-05T09:23:55","modified_gmt":"2023-04-05T09:23:55","slug":"participantes","status":"publish","type":"page","link":"https:\/\/jornadasaepdiri2023.com\/index.php\/participantes\/","title":{"rendered":"Participantes"},"content":{"rendered":"<section class=\"wpb-content-wrapper\"><p>[vc_row content_animation=\u00bbyes\u00bb mo_init_scale_x=\u00bb1&#8243; mo_init_scale_y=\u00bb1&#8243; mo_init_scale_z=\u00bb1&#8243; mo_init_opacity=\u00bb0&#8243; mo_an_scale_x=\u00bb1&#8243; mo_an_scale_y=\u00bb1&#8243; mo_an_scale_z=\u00bb1&#8243; mo_an_opacity=\u00bb1&#8243; css=\u00bb.vc_custom_1598834138891{padding-top: 100px !important;padding-bottom: 100px !important;}\u00bb mo_init_translate_y=\u00bb60&#8243; mo_init_translate_z=\u00bb32&#8243; mo_init_rotate_x=\u00bb-29&#8243;][vc_column]       \n      <div class=\"mo-title-box title-box-style1  text-center\"  ><h3>COMISI\u00d3N ACAD\u00c9MICA ORGANIZADORA<\/h3> <\/div>\n    [vc_row_inner css=\u00bb.vc_custom_1680544098514{padding-top: 0px !important;}\u00bb][vc_column_inner width=\u00bb1\/4&#8243;]\t<div class=\"mo-team tpl2 \">\n\t    <figure class=\"team-member\"> \n           <div class=\"team-img\"><img decoding=\"async\" data-src=\"https:\/\/jornadasaepdiri2023.com\/wp-content\/uploads\/2023\/04\/Hombre-12.png\" alt=\"Dr. Lucas Andr\u00e9s P\u00c9REZ MART\u00cdN\" src=\"data:image\/gif;base64,R0lGODlhAQABAAAAACH5BAEKAAEALAAAAAABAAEAAAICTAEAOw==\" class=\"lazyload\" style=\"--smush-placeholder-width: 234px; --smush-placeholder-aspect-ratio: 234\/283;\" \/><div class=\"overlay\"><\/div><\/div>\t\t   <div class=\"team-social social-icons style1\">\n\t\t\t  <a href=\"#\" target=\"_blank\" class=\"facebook\"><span class=\"fa fa-facebook\"><\/span><\/a><a href=\"#\" target=\"_blank\" class=\"twitter\"><span class=\"fa fa-twitter\"><\/span><\/a><a href=\"#\" target=\"_blank\" class=\"linkedin\"><span class=\"fa fa-linkedin\"><\/span><\/a><a href=\"#\" target=\"_blank\" class=\"instagram\"><span class=\"fa fa-instagram\"><\/span><\/a>\t\t <\/div>\n\t\t <div class=\"team-title\">\n\t       \t   <h5>Dr. Lucas Andr\u00e9s P\u00c9REZ MART\u00cdN<\/h5>\t\t\t   <h6>Profesor Contratado Doctor de Derecho Internacional Privado. Universidad de Las Palmas de Gran Canaria. Coordinador de la Comisi\u00f3n.<\/h6>\t\t\t   \n\t\t   <\/div>\n\t\t<\/figure>\n\t<\/div>\n\t[\/vc_column_inner][vc_column_inner width=\u00bb1\/4&#8243;]\t<div class=\"mo-team tpl2 \">\n\t    <figure class=\"team-member\"> \n           <div class=\"team-img\"><img decoding=\"async\" data-src=\"https:\/\/jornadasaepdiri2023.com\/wp-content\/uploads\/2023\/04\/Mujer-1.png\" alt=\"Dra. Ana SALINAS DE FR\u00cdAS\" src=\"data:image\/gif;base64,R0lGODlhAQABAAAAACH5BAEKAAEALAAAAAABAAEAAAICTAEAOw==\" class=\"lazyload\" style=\"--smush-placeholder-width: 233px; --smush-placeholder-aspect-ratio: 233\/282;\" \/><div class=\"overlay\"><\/div><\/div>\t\t   <div class=\"team-social social-icons style1\">\n\t\t\t  <a href=\"#\" target=\"_blank\" class=\"twitter\"><span class=\"fa fa-twitter\"><\/span><\/a><a href=\"#\" target=\"_blank\" class=\"linkedin\"><span class=\"fa fa-linkedin\"><\/span><\/a><a href=\"#\" target=\"_blank\" class=\"instagram\"><span class=\"fa fa-instagram\"><\/span><\/a>\t\t <\/div>\n\t\t <div class=\"team-title\">\n\t       \t   <h5>Dra. Ana SALINAS DE FR\u00cdAS<\/h5>\t\t\t   <h6>Catedr\u00e1tica de Derecho Internacional P\u00fablico. Universidad de M\u00e1laga.<\/h6>\t\t\t   \n\t\t   <\/div>\n\t\t<\/figure>\n\t<\/div>\n\t[\/vc_column_inner][vc_column_inner width=\u00bb1\/4&#8243;]\t<div class=\"mo-team tpl2 \">\n\t    <figure class=\"team-member\"> \n           <div class=\"team-img\"><img decoding=\"async\" data-src=\"https:\/\/jornadasaepdiri2023.com\/wp-content\/uploads\/2023\/04\/Mujer-1.png\" alt=\"Dra. Mar\u00eda Pilar DIAGO DIAGO\" src=\"data:image\/gif;base64,R0lGODlhAQABAAAAACH5BAEKAAEALAAAAAABAAEAAAICTAEAOw==\" class=\"lazyload\" style=\"--smush-placeholder-width: 233px; --smush-placeholder-aspect-ratio: 233\/282;\" \/><div class=\"overlay\"><\/div><\/div>\t\t   <div class=\"team-social social-icons style1\">\n\t\t\t  <a href=\"#\" target=\"_blank\" class=\"twitter\"><span class=\"fa fa-twitter\"><\/span><\/a><a href=\"#\" target=\"_blank\" class=\"linkedin\"><span class=\"fa fa-linkedin\"><\/span><\/a><a href=\"#\" target=\"_blank\" class=\"instagram\"><span class=\"fa fa-instagram\"><\/span><\/a>\t\t <\/div>\n\t\t <div class=\"team-title\">\n\t       \t   <h5>Dra. Mar\u00eda Pilar DIAGO DIAGO<\/h5>\t\t\t   <h6>Catedr\u00e1tica de Derecho Internacional Privado. Universidad de Zaragoza.<\/h6>\t\t\t   \n\t\t   <\/div>\n\t\t<\/figure>\n\t<\/div>\n\t[\/vc_column_inner][vc_column_inner width=\u00bb1\/4&#8243; css=\u00bb.vc_custom_1680544543305{padding-top: 0px !important;}\u00bb]\t<div class=\"mo-team tpl2 \">\n\t    <figure class=\"team-member\"> \n           <div class=\"team-img\"><img decoding=\"async\" data-src=\"https:\/\/jornadasaepdiri2023.com\/wp-content\/uploads\/2023\/04\/Hombre-12.png\" alt=\"Dr. Vicente GARRIDO REBOLLEDO\" src=\"data:image\/gif;base64,R0lGODlhAQABAAAAACH5BAEKAAEALAAAAAABAAEAAAICTAEAOw==\" class=\"lazyload\" style=\"--smush-placeholder-width: 234px; --smush-placeholder-aspect-ratio: 234\/283;\" \/><div class=\"overlay\"><\/div><\/div>\t\t   <div class=\"team-social social-icons style1\">\n\t\t\t  <a href=\"#\" target=\"_blank\" class=\"twitter\"><span class=\"fa fa-twitter\"><\/span><\/a><a href=\"#\" target=\"_blank\" class=\"linkedin\"><span class=\"fa fa-linkedin\"><\/span><\/a><a href=\"#\" target=\"_blank\" class=\"instagram\"><span class=\"fa fa-instagram\"><\/span><\/a>\t\t <\/div>\n\t\t <div class=\"team-title\">\n\t       \t   <h5>Dr. Vicente GARRIDO REBOLLEDO<\/h5>\t\t\t   <h6>Profesor Titular de Derecho Internacional P\u00fablico y Relaciones Internacionales. Universidad Rey Juan Carlos.<\/h6>\t\t\t   \n\t\t   <\/div>\n\t\t<\/figure>\n\t<\/div>\n\t[\/vc_column_inner][\/vc_row_inner][vc_row_inner css=\u00bb.vc_custom_1680544098514{padding-top: 0px !important;}\u00bb][vc_column_inner width=\u00bb1\/4&#8243;]\t<div class=\"mo-team tpl2 \">\n\t    <figure class=\"team-member\"> \n           <div class=\"team-img\"><img decoding=\"async\" data-src=\"https:\/\/jornadasaepdiri2023.com\/wp-content\/uploads\/2023\/04\/Hombre-12.png\" alt=\"Dr. Nicol\u00e1s NAVARRO BATISTA\" src=\"data:image\/gif;base64,R0lGODlhAQABAAAAACH5BAEKAAEALAAAAAABAAEAAAICTAEAOw==\" class=\"lazyload\" style=\"--smush-placeholder-width: 234px; --smush-placeholder-aspect-ratio: 234\/283;\" \/><div class=\"overlay\"><\/div><\/div>\t\t   <div class=\"team-social social-icons style1\">\n\t\t\t  <a href=\"#\" target=\"_blank\" class=\"facebook\"><span class=\"fa fa-facebook\"><\/span><\/a><a href=\"#\" target=\"_blank\" class=\"twitter\"><span class=\"fa fa-twitter\"><\/span><\/a><a href=\"#\" target=\"_blank\" class=\"linkedin\"><span class=\"fa fa-linkedin\"><\/span><\/a><a href=\"#\" target=\"_blank\" class=\"instagram\"><span class=\"fa fa-instagram\"><\/span><\/a>\t\t <\/div>\n\t\t <div class=\"team-title\">\n\t       \t   <h5>Dr. Nicol\u00e1s NAVARRO BATISTA<\/h5>\t\t\t   <h6>Profesor Titular de Derecho Internacional P\u00fablico. Universidad de Las Palmas de Gran Canaria.<\/h6>\t\t\t   \n\t\t   <\/div>\n\t\t<\/figure>\n\t<\/div>\n\t[\/vc_column_inner][vc_column_inner width=\u00bb1\/4&#8243;]\t<div class=\"mo-team tpl2 \">\n\t    <figure class=\"team-member\"> \n           <div class=\"team-img\"><img decoding=\"async\" data-src=\"https:\/\/jornadasaepdiri2023.com\/wp-content\/uploads\/2023\/04\/Mujer-1.png\" alt=\"Dra. Mar\u00eda Dolores BOLLO AROCENA\" src=\"data:image\/gif;base64,R0lGODlhAQABAAAAACH5BAEKAAEALAAAAAABAAEAAAICTAEAOw==\" class=\"lazyload\" style=\"--smush-placeholder-width: 233px; --smush-placeholder-aspect-ratio: 233\/282;\" \/><div class=\"overlay\"><\/div><\/div>\t\t   <div class=\"team-social social-icons style1\">\n\t\t\t  <a href=\"#\" target=\"_blank\" class=\"twitter\"><span class=\"fa fa-twitter\"><\/span><\/a><a href=\"#\" target=\"_blank\" class=\"linkedin\"><span class=\"fa fa-linkedin\"><\/span><\/a><a href=\"#\" target=\"_blank\" class=\"instagram\"><span class=\"fa fa-instagram\"><\/span><\/a>\t\t <\/div>\n\t\t <div class=\"team-title\">\n\t       \t   <h5>Dra. Mar\u00eda Dolores BOLLO AROCENA<\/h5>\t\t\t   <h6>Profesora Titular de Derecho Internacional P\u00fablico. Universidad del Pa\u00eds Vasco.<\/h6>\t\t\t   \n\t\t   <\/div>\n\t\t<\/figure>\n\t<\/div>\n\t[\/vc_column_inner][vc_column_inner width=\u00bb1\/4&#8243;]\t<div class=\"mo-team tpl2 \">\n\t    <figure class=\"team-member\"> \n           <div class=\"team-img\"><img decoding=\"async\" data-src=\"https:\/\/jornadasaepdiri2023.com\/wp-content\/uploads\/2023\/04\/Hombre-12.png\" alt=\"Dr. Carmelo FALEH P\u00c9REZ\" src=\"data:image\/gif;base64,R0lGODlhAQABAAAAACH5BAEKAAEALAAAAAABAAEAAAICTAEAOw==\" class=\"lazyload\" style=\"--smush-placeholder-width: 234px; --smush-placeholder-aspect-ratio: 234\/283;\" \/><div class=\"overlay\"><\/div><\/div>\t\t   <div class=\"team-social social-icons style1\">\n\t\t\t  <a href=\"#\" target=\"_blank\" class=\"twitter\"><span class=\"fa fa-twitter\"><\/span><\/a><a href=\"#\" target=\"_blank\" class=\"linkedin\"><span class=\"fa fa-linkedin\"><\/span><\/a><a href=\"#\" target=\"_blank\" class=\"instagram\"><span class=\"fa fa-instagram\"><\/span><\/a>\t\t <\/div>\n\t\t <div class=\"team-title\">\n\t       \t   <h5>Dr. Carmelo FALEH P\u00c9REZ<\/h5>\t\t\t   <h6>Profesor Contratado Doctor de Derecho Internacional P\u00fablico. Universidad de Las Palmas de Gran Canaria.<\/h6>\t\t\t   \n\t\t   <\/div>\n\t\t<\/figure>\n\t<\/div>\n\t[\/vc_column_inner][vc_column_inner width=\u00bb1\/4&#8243;]\t<div class=\"mo-team tpl2 \">\n\t    <figure class=\"team-member\"> \n           <div class=\"team-img\"><img decoding=\"async\" data-src=\"https:\/\/jornadasaepdiri2023.com\/wp-content\/uploads\/2023\/04\/Mujer-1.png\" alt=\"Dra. Ruth MARTIN\u00d3N QUINTERO\" src=\"data:image\/gif;base64,R0lGODlhAQABAAAAACH5BAEKAAEALAAAAAABAAEAAAICTAEAOw==\" class=\"lazyload\" style=\"--smush-placeholder-width: 233px; --smush-placeholder-aspect-ratio: 233\/282;\" \/><div class=\"overlay\"><\/div><\/div>\t\t   <div class=\"team-social social-icons style1\">\n\t\t\t  <a href=\"#\" target=\"_blank\" class=\"facebook\"><span class=\"fa fa-facebook\"><\/span><\/a><a href=\"#\" target=\"_blank\" class=\"twitter\"><span class=\"fa fa-twitter\"><\/span><\/a><a href=\"#\" target=\"_blank\" class=\"linkedin\"><span class=\"fa fa-linkedin\"><\/span><\/a><a href=\"#\" target=\"_blank\" class=\"instagram\"><span class=\"fa fa-instagram\"><\/span><\/a>\t\t <\/div>\n\t\t <div class=\"team-title\">\n\t       \t   <h5>Dra. Ruth MARTIN\u00d3N QUINTERO<\/h5>\t\t\t   <h6>Profesora Contratada Doctora de Derecho Internacional P\u00fablico. Universidad de La Laguna.<\/h6>\t\t\t   \n\t\t   <\/div>\n\t\t<\/figure>\n\t<\/div>\n\t[\/vc_column_inner][\/vc_row_inner][vc_row_inner css=\u00bb.vc_custom_1680544098514{padding-top: 0px !important;}\u00bb][vc_column_inner width=\u00bb1\/4&#8243;]\t<div class=\"mo-team tpl2 \">\n\t    <figure class=\"team-member\"> \n           <div class=\"team-img\"><img decoding=\"async\" data-src=\"https:\/\/jornadasaepdiri2023.com\/wp-content\/uploads\/2023\/04\/Hombre-12.png\" alt=\"Dr. Eduardo JIM\u00c9NEZ POVEDA\" src=\"data:image\/gif;base64,R0lGODlhAQABAAAAACH5BAEKAAEALAAAAAABAAEAAAICTAEAOw==\" class=\"lazyload\" style=\"--smush-placeholder-width: 234px; --smush-placeholder-aspect-ratio: 234\/283;\" \/><div class=\"overlay\"><\/div><\/div>\t\t   <div class=\"team-social social-icons style1\">\n\t\t\t  <a href=\"#\" target=\"_blank\" class=\"twitter\"><span class=\"fa fa-twitter\"><\/span><\/a><a href=\"#\" target=\"_blank\" class=\"linkedin\"><span class=\"fa fa-linkedin\"><\/span><\/a><a href=\"#\" target=\"_blank\" class=\"instagram\"><span class=\"fa fa-instagram\"><\/span><\/a>\t\t <\/div>\n\t\t <div class=\"team-title\">\n\t       \t   <h5>Dr. Eduardo JIM\u00c9NEZ POVEDA<\/h5>\t\t\t   <h6>Profesor Sustituto (acreditado a Contratado Doctor) de Derecho Internacional P\u00fablico. Universidad de C\u00f3rdoba.<\/h6>\t\t\t   \n\t\t   <\/div>\n\t\t<\/figure>\n\t<\/div>\n\t[\/vc_column_inner][vc_column_inner width=\u00bb1\/4&#8243;]\t<div class=\"mo-team tpl2 \">\n\t    <figure class=\"team-member\"> \n           <div class=\"team-img\"><img decoding=\"async\" data-src=\"https:\/\/jornadasaepdiri2023.com\/wp-content\/uploads\/2023\/04\/Mujer-1.png\" alt=\"Sra. Ada MARISCAL GONZ\u00c1LEZ\" src=\"data:image\/gif;base64,R0lGODlhAQABAAAAACH5BAEKAAEALAAAAAABAAEAAAICTAEAOw==\" class=\"lazyload\" style=\"--smush-placeholder-width: 233px; --smush-placeholder-aspect-ratio: 233\/282;\" \/><div class=\"overlay\"><\/div><\/div>\t\t   <div class=\"team-social social-icons style1\">\n\t\t\t  <a href=\"#\" target=\"_blank\" class=\"twitter\"><span class=\"fa fa-twitter\"><\/span><\/a><a href=\"#\" target=\"_blank\" class=\"linkedin\"><span class=\"fa fa-linkedin\"><\/span><\/a><a href=\"#\" target=\"_blank\" class=\"instagram\"><span class=\"fa fa-instagram\"><\/span><\/a>\t\t <\/div>\n\t\t <div class=\"team-title\">\n\t       \t   <h5>Sra. Ada MARISCAL GONZ\u00c1LEZ<\/h5>\t\t\t   <h6>Investigadora Predoctoral de Derecho Internacional Privado. Universidad de Las Palmas de Gran Canaria.<\/h6>\t\t\t   \n\t\t   <\/div>\n\t\t<\/figure>\n\t<\/div>\n\t[\/vc_column_inner][\/vc_row_inner][\/vc_column][\/vc_row][vc_row content_animation=\u00bbyes\u00bb mo_init_scale_x=\u00bb1&#8243; mo_init_scale_y=\u00bb1&#8243; mo_init_scale_z=\u00bb1&#8243; mo_init_opacity=\u00bb0&#8243; mo_an_scale_x=\u00bb1&#8243; mo_an_scale_y=\u00bb1&#8243; mo_an_scale_z=\u00bb1&#8243; mo_an_opacity=\u00bb1&#8243; css=\u00bb.vc_custom_1598834138891{padding-top: 100px !important;padding-bottom: 100px !important;}\u00bb mo_init_translate_y=\u00bb60&#8243; mo_init_translate_z=\u00bb32&#8243; mo_init_rotate_x=\u00bb-29&#8243;][vc_column]       \n      <div class=\"mo-title-box title-box-style1  text-center\"  ><h3>COMIT\u00c9 CIENT\u00cdFICO<\/h3> <\/div>\n    [vc_row_inner css=\u00bb.vc_custom_1680544098514{padding-top: 0px !important;}\u00bb][vc_column_inner width=\u00bb1\/4&#8243;]\t<div class=\"mo-team tpl2 \">\n\t    <figure class=\"team-member\"> \n           <div class=\"team-img\"><img decoding=\"async\" data-src=\"https:\/\/jornadasaepdiri2023.com\/wp-content\/uploads\/2023\/04\/Mujer-1.png\" alt=\"Dra. Inmaculada MARRERO ROCHA\" src=\"data:image\/gif;base64,R0lGODlhAQABAAAAACH5BAEKAAEALAAAAAABAAEAAAICTAEAOw==\" class=\"lazyload\" style=\"--smush-placeholder-width: 233px; --smush-placeholder-aspect-ratio: 233\/282;\" \/><div class=\"overlay\"><\/div><\/div>\t\t   <div class=\"team-social social-icons style1\">\n\t\t\t  <a href=\"#\" target=\"_blank\" class=\"facebook\"><span class=\"fa fa-facebook\"><\/span><\/a><a href=\"#\" target=\"_blank\" class=\"twitter\"><span class=\"fa fa-twitter\"><\/span><\/a><a href=\"#\" target=\"_blank\" class=\"linkedin\"><span class=\"fa fa-linkedin\"><\/span><\/a><a href=\"#\" target=\"_blank\" class=\"instagram\"><span class=\"fa fa-instagram\"><\/span><\/a>\t\t <\/div>\n\t\t <div class=\"team-title\">\n\t       \t   <h5>Dra. Inmaculada MARRERO ROCHA<\/h5>\t\t\t   <h6>Catedr\u00e1tica de Derecho Internacional P\u00fablico y Relaciones Internacionales. Universidad de Granada.<\/h6>\t\t\t   \n\t\t   <\/div>\n\t\t<\/figure>\n\t<\/div>\n\t[\/vc_column_inner][vc_column_inner width=\u00bb1\/4&#8243;]\t<div class=\"mo-team tpl2 \">\n\t    <figure class=\"team-member\"> \n           <div class=\"team-img\"><img decoding=\"async\" data-src=\"https:\/\/jornadasaepdiri2023.com\/wp-content\/uploads\/2023\/04\/Hombre-12.png\" alt=\"Dr. Rafael ARENAS GARC\u00cdA\" src=\"data:image\/gif;base64,R0lGODlhAQABAAAAACH5BAEKAAEALAAAAAABAAEAAAICTAEAOw==\" class=\"lazyload\" style=\"--smush-placeholder-width: 234px; --smush-placeholder-aspect-ratio: 234\/283;\" \/><div class=\"overlay\"><\/div><\/div>\t\t   <div class=\"team-social social-icons style1\">\n\t\t\t  <a href=\"#\" target=\"_blank\" class=\"twitter\"><span class=\"fa fa-twitter\"><\/span><\/a><a href=\"#\" target=\"_blank\" class=\"linkedin\"><span class=\"fa fa-linkedin\"><\/span><\/a><a href=\"#\" target=\"_blank\" class=\"instagram\"><span class=\"fa fa-instagram\"><\/span><\/a>\t\t <\/div>\n\t\t <div class=\"team-title\">\n\t       \t   <h5>Dr. Rafael ARENAS GARC\u00cdA<\/h5>\t\t\t   <h6>Catedr\u00e1tico de Derecho Internacional Privado. Universidad Aut\u00f3noma de Barcelona.<\/h6>\t\t\t   \n\t\t   <\/div>\n\t\t<\/figure>\n\t<\/div>\n\t[\/vc_column_inner][vc_column_inner width=\u00bb1\/4&#8243;]\t<div class=\"mo-team tpl2 \">\n\t    <figure class=\"team-member\"> \n           <div class=\"team-img\"><img decoding=\"async\" data-src=\"https:\/\/jornadasaepdiri2023.com\/wp-content\/uploads\/2023\/04\/Mujer-1.png\" alt=\"Dra. Caterina GARC\u00cdA SEGURA\" src=\"data:image\/gif;base64,R0lGODlhAQABAAAAACH5BAEKAAEALAAAAAABAAEAAAICTAEAOw==\" class=\"lazyload\" style=\"--smush-placeholder-width: 233px; --smush-placeholder-aspect-ratio: 233\/282;\" \/><div class=\"overlay\"><\/div><\/div>\t\t   <div class=\"team-social social-icons style1\">\n\t\t\t  <a href=\"#\" target=\"_blank\" class=\"twitter\"><span class=\"fa fa-twitter\"><\/span><\/a><a href=\"#\" target=\"_blank\" class=\"linkedin\"><span class=\"fa fa-linkedin\"><\/span><\/a><a href=\"#\" target=\"_blank\" class=\"instagram\"><span class=\"fa fa-instagram\"><\/span><\/a>\t\t <\/div>\n\t\t <div class=\"team-title\">\n\t       \t   <h5>Dra. Caterina GARC\u00cdA SEGURA<\/h5>\t\t\t   <h6>Catedr\u00e1tica de Relaciones Internacionales. Universidad Pompeu Fabra.<\/h6>\t\t\t   \n\t\t   <\/div>\n\t\t<\/figure>\n\t<\/div>\n\t[\/vc_column_inner][vc_column_inner width=\u00bb1\/4&#8243; css=\u00bb.vc_custom_1680544543305{padding-top: 0px !important;}\u00bb]\t<div class=\"mo-team tpl2 \">\n\t    <figure class=\"team-member\"> \n           <div class=\"team-img\"><img decoding=\"async\" data-src=\"https:\/\/jornadasaepdiri2023.com\/wp-content\/uploads\/2023\/04\/Mujer-1.png\" alt=\"Dra. Mar\u00eda Victoria CUARTERO RUBIO\" src=\"data:image\/gif;base64,R0lGODlhAQABAAAAACH5BAEKAAEALAAAAAABAAEAAAICTAEAOw==\" class=\"lazyload\" style=\"--smush-placeholder-width: 233px; --smush-placeholder-aspect-ratio: 233\/282;\" \/><div class=\"overlay\"><\/div><\/div>\t\t   <div class=\"team-social social-icons style1\">\n\t\t\t  <a href=\"#\" target=\"_blank\" class=\"twitter\"><span class=\"fa fa-twitter\"><\/span><\/a><a href=\"#\" target=\"_blank\" class=\"linkedin\"><span class=\"fa fa-linkedin\"><\/span><\/a><a href=\"#\" target=\"_blank\" class=\"instagram\"><span class=\"fa fa-instagram\"><\/span><\/a>\t\t <\/div>\n\t\t <div class=\"team-title\">\n\t       \t   <h5>Dra. Mar\u00eda Victoria CUARTERO RUBIO<\/h5>\t\t\t   <h6>Catedr\u00e1tica de Derecho Internacional Privado. Universidad de Castilla-La Mancha.<\/h6>\t\t\t   \n\t\t   <\/div>\n\t\t<\/figure>\n\t<\/div>\n\t[\/vc_column_inner][\/vc_row_inner][vc_row_inner css=\u00bb.vc_custom_1680544098514{padding-top: 0px !important;}\u00bb][vc_column_inner width=\u00bb1\/4&#8243;]\t<div class=\"mo-team tpl2 \">\n\t    <figure class=\"team-member\"> \n           <div class=\"team-img\"><img decoding=\"async\" data-src=\"https:\/\/jornadasaepdiri2023.com\/wp-content\/uploads\/2023\/04\/Mujer-1.png\" alt=\"Dra. Paloma GONZ\u00c1LEZ-G\u00d3MEZ DEL MI\u00d1O\" src=\"data:image\/gif;base64,R0lGODlhAQABAAAAACH5BAEKAAEALAAAAAABAAEAAAICTAEAOw==\" class=\"lazyload\" style=\"--smush-placeholder-width: 233px; --smush-placeholder-aspect-ratio: 233\/282;\" \/><div class=\"overlay\"><\/div><\/div>\t\t   <div class=\"team-social social-icons style1\">\n\t\t\t  <a href=\"#\" target=\"_blank\" class=\"facebook\"><span class=\"fa fa-facebook\"><\/span><\/a><a href=\"#\" target=\"_blank\" class=\"twitter\"><span class=\"fa fa-twitter\"><\/span><\/a><a href=\"#\" target=\"_blank\" class=\"linkedin\"><span class=\"fa fa-linkedin\"><\/span><\/a><a href=\"#\" target=\"_blank\" class=\"instagram\"><span class=\"fa fa-instagram\"><\/span><\/a>\t\t <\/div>\n\t\t <div class=\"team-title\">\n\t       \t   <h5>Dra. Paloma GONZ\u00c1LEZ-G\u00d3MEZ DEL MI\u00d1O<\/h5>\t\t\t   <h6>Profesora Titular de Relaciones Internacionales. Universidad Complutense de Madrid.<\/h6>\t\t\t   \n\t\t   <\/div>\n\t\t<\/figure>\n\t<\/div>\n\t[\/vc_column_inner][vc_column_inner width=\u00bb1\/4&#8243;]\t<div class=\"mo-team tpl2 \">\n\t    <figure class=\"team-member\"> \n           <div class=\"team-img\"><img decoding=\"async\" data-src=\"https:\/\/jornadasaepdiri2023.com\/wp-content\/uploads\/2023\/04\/Hombre-12.png\" alt=\"Dr. Rafael GARC\u00cdA P\u00c9REZ\" src=\"data:image\/gif;base64,R0lGODlhAQABAAAAACH5BAEKAAEALAAAAAABAAEAAAICTAEAOw==\" class=\"lazyload\" style=\"--smush-placeholder-width: 234px; --smush-placeholder-aspect-ratio: 234\/283;\" \/><div class=\"overlay\"><\/div><\/div>\t\t   <div class=\"team-social social-icons style1\">\n\t\t\t  <a href=\"#\" target=\"_blank\" class=\"twitter\"><span class=\"fa fa-twitter\"><\/span><\/a><a href=\"#\" target=\"_blank\" class=\"linkedin\"><span class=\"fa fa-linkedin\"><\/span><\/a><a href=\"#\" target=\"_blank\" class=\"instagram\"><span class=\"fa fa-instagram\"><\/span><\/a>\t\t <\/div>\n\t\t <div class=\"team-title\">\n\t       \t   <h5>Dr. Rafael GARC\u00cdA P\u00c9REZ<\/h5>\t\t\t   <h6>Profesor Titular de Derecho Internacional P\u00fablico y Relaciones Internacionales. Universidad Pablo de Olavide.<\/h6>\t\t\t   \n\t\t   <\/div>\n\t\t<\/figure>\n\t<\/div>\n\t[\/vc_column_inner][vc_column_inner width=\u00bb1\/4&#8243;]\t<div class=\"mo-team tpl2 \">\n\t    <figure class=\"team-member\"> \n           <div class=\"team-img\"><img decoding=\"async\" data-src=\"https:\/\/jornadasaepdiri2023.com\/wp-content\/uploads\/2023\/04\/Mujer-1.png\" alt=\"Dr. Miguel \u00c1ngel MICHINEL \u00c1LVAREZ\" src=\"data:image\/gif;base64,R0lGODlhAQABAAAAACH5BAEKAAEALAAAAAABAAEAAAICTAEAOw==\" class=\"lazyload\" style=\"--smush-placeholder-width: 233px; --smush-placeholder-aspect-ratio: 233\/282;\" \/><div class=\"overlay\"><\/div><\/div>\t\t   <div class=\"team-social social-icons style1\">\n\t\t\t  <a href=\"#\" target=\"_blank\" class=\"twitter\"><span class=\"fa fa-twitter\"><\/span><\/a><a href=\"#\" target=\"_blank\" class=\"linkedin\"><span class=\"fa fa-linkedin\"><\/span><\/a><a href=\"#\" target=\"_blank\" class=\"instagram\"><span class=\"fa fa-instagram\"><\/span><\/a>\t\t <\/div>\n\t\t <div class=\"team-title\">\n\t       \t   <h5>Dr. Miguel \u00c1ngel MICHINEL \u00c1LVAREZ<\/h5>\t\t\t   <h6>Catedr\u00e1tico de Derecho Internacional Privado. Universidad de Vigo.<\/h6>\t\t\t   \n\t\t   <\/div>\n\t\t<\/figure>\n\t<\/div>\n\t[\/vc_column_inner][vc_column_inner width=\u00bb1\/4&#8243;]\t<div class=\"mo-team tpl2 \">\n\t    <figure class=\"team-member\"> \n           <div class=\"team-img\"><img decoding=\"async\" data-src=\"https:\/\/jornadasaepdiri2023.com\/wp-content\/uploads\/2023\/04\/Hombre-12.png\" alt=\"Dr. Ricardo RUEDA VALDIVIA\" src=\"data:image\/gif;base64,R0lGODlhAQABAAAAACH5BAEKAAEALAAAAAABAAEAAAICTAEAOw==\" class=\"lazyload\" style=\"--smush-placeholder-width: 234px; --smush-placeholder-aspect-ratio: 234\/283;\" \/><div class=\"overlay\"><\/div><\/div>\t\t   <div class=\"team-social social-icons style1\">\n\t\t\t  <a href=\"#\" target=\"_blank\" class=\"twitter\"><span class=\"fa fa-twitter\"><\/span><\/a><a href=\"#\" target=\"_blank\" class=\"linkedin\"><span class=\"fa fa-linkedin\"><\/span><\/a><a href=\"#\" target=\"_blank\" class=\"instagram\"><span class=\"fa fa-instagram\"><\/span><\/a>\t\t <\/div>\n\t\t <div class=\"team-title\">\n\t       \t   <h5>Dr. Ricardo RUEDA VALDIVIA<\/h5>\t\t\t   <h6>Profesor Titular de Derecho Internacional Privado de la Universidad de Granada.<\/h6>\t\t\t   \n\t\t   <\/div>\n\t\t<\/figure>\n\t<\/div>\n\t[\/vc_column_inner][\/vc_row_inner][\/vc_column][\/vc_row][vc_row content_animation=\u00bbyes\u00bb mo_init_scale_x=\u00bb1&#8243; mo_init_scale_y=\u00bb1&#8243; mo_init_scale_z=\u00bb1&#8243; mo_init_opacity=\u00bb0&#8243; mo_an_scale_x=\u00bb1&#8243; mo_an_scale_y=\u00bb1&#8243; mo_an_scale_z=\u00bb1&#8243; mo_an_opacity=\u00bb1&#8243; css=\u00bb.vc_custom_1598834138891{padding-top: 100px !important;padding-bottom: 100px !important;}\u00bb mo_init_translate_y=\u00bb60&#8243; mo_init_translate_z=\u00bb32&#8243; mo_init_rotate_x=\u00bb-29&#8243;][vc_column]       \n      <div class=\"mo-title-box title-box-style1  text-center\"  ><h3>PONENTES Y MODERADORES<\/h3> <\/div>\n    [vc_row_inner css=\u00bb.vc_custom_1680544098514{padding-top: 0px !important;}\u00bb][vc_column_inner width=\u00bb1\/4&#8243;]\t<div class=\"mo-team tpl2 \">\n\t    <figure class=\"team-member\"> \n           <div class=\"team-img\"><img decoding=\"async\" data-src=\"https:\/\/jornadasaepdiri2023.com\/wp-content\/uploads\/2023\/04\/Hombre-12.png\" alt=\"Moderador: Dr. Rafael CASADO RAIG\u00d3N\" src=\"data:image\/gif;base64,R0lGODlhAQABAAAAACH5BAEKAAEALAAAAAABAAEAAAICTAEAOw==\" class=\"lazyload\" style=\"--smush-placeholder-width: 234px; --smush-placeholder-aspect-ratio: 234\/283;\" \/><div class=\"overlay\"><\/div><\/div>\t\t   <div class=\"team-social social-icons style1\">\n\t\t\t  <a href=\"#\" target=\"_blank\" class=\"facebook\"><span class=\"fa fa-facebook\"><\/span><\/a><a href=\"#\" target=\"_blank\" class=\"twitter\"><span class=\"fa fa-twitter\"><\/span><\/a><a href=\"#\" target=\"_blank\" class=\"linkedin\"><span class=\"fa fa-linkedin\"><\/span><\/a><a href=\"#\" target=\"_blank\" class=\"instagram\"><span class=\"fa fa-instagram\"><\/span><\/a>\t\t <\/div>\n\t\t <div class=\"team-title\">\n\t       \t   <h5>Moderador: Dr. Rafael CASADO RAIG\u00d3N<\/h5>\t\t\t   <h6>Catedr\u00e1tico de Derecho Internacional P\u00fablico y Relaciones Internacionales. Universidad de C\u00f3rdoba.<\/h6>\t\t\t   \n\t\t   <\/div>\n\t\t<\/figure>\n\t<\/div>\n\t[\/vc_column_inner][vc_column_inner width=\u00bb1\/4&#8243;]\t<div class=\"mo-team tpl2 \">\n\t    <figure class=\"team-member\"> \n           <div class=\"team-img\"><img decoding=\"async\" data-src=\"https:\/\/jornadasaepdiri2023.com\/wp-content\/uploads\/2023\/04\/Hombre-12.png\" alt=\"Ponente inaugural: Dr. Andr\u00e9s RODR\u00cdGUEZ BENOT\" src=\"data:image\/gif;base64,R0lGODlhAQABAAAAACH5BAEKAAEALAAAAAABAAEAAAICTAEAOw==\" class=\"lazyload\" style=\"--smush-placeholder-width: 234px; --smush-placeholder-aspect-ratio: 234\/283;\" \/><div class=\"overlay\"><\/div><\/div>\t\t   <div class=\"team-social social-icons style1\">\n\t\t\t  <a href=\"#\" target=\"_blank\" class=\"twitter\"><span class=\"fa fa-twitter\"><\/span><\/a><a href=\"#\" target=\"_blank\" class=\"linkedin\"><span class=\"fa fa-linkedin\"><\/span><\/a><a href=\"#\" target=\"_blank\" class=\"instagram\"><span class=\"fa fa-instagram\"><\/span><\/a>\t\t <\/div>\n\t\t <div class=\"team-title\">\n\t       \t   <h5>Ponente inaugural: Dr. Andr\u00e9s RODR\u00cdGUEZ BENOT<\/h5>\t\t\t   <h6>Catedr\u00e1tico de Derecho Internacional Privado. Universidad Pablo de Olavide.<\/h6>\t\t\t   \n\t\t   <\/div>\n\t\t<\/figure>\n\t<\/div>\n\t[\/vc_column_inner][vc_column_inner width=\u00bb1\/4&#8243;]\t<div class=\"mo-team tpl2 \">\n\t    <figure class=\"team-member\"> \n           <div class=\"team-img\"><img decoding=\"async\" data-src=\"https:\/\/jornadasaepdiri2023.com\/wp-content\/uploads\/2023\/04\/Mujer-1.png\" alt=\"Moderadora: Dra. M\u00f3nica GUZM\u00c1N ZAPATER\" src=\"data:image\/gif;base64,R0lGODlhAQABAAAAACH5BAEKAAEALAAAAAABAAEAAAICTAEAOw==\" class=\"lazyload\" style=\"--smush-placeholder-width: 233px; --smush-placeholder-aspect-ratio: 233\/282;\" \/><div class=\"overlay\"><\/div><\/div>\t\t   <div class=\"team-social social-icons style1\">\n\t\t\t  <a href=\"#\" target=\"_blank\" class=\"twitter\"><span class=\"fa fa-twitter\"><\/span><\/a><a href=\"#\" target=\"_blank\" class=\"linkedin\"><span class=\"fa fa-linkedin\"><\/span><\/a><a href=\"#\" target=\"_blank\" class=\"instagram\"><span class=\"fa fa-instagram\"><\/span><\/a>\t\t <\/div>\n\t\t <div class=\"team-title\">\n\t       \t   <h5>Moderadora: Dra. M\u00f3nica GUZM\u00c1N ZAPATER<\/h5>\t\t\t   <h6>Catedr\u00e1tica de Derecho Internacional Privado. Universidad Nacional de Educaci\u00f3n a Distancia.<\/h6>\t\t\t   \n\t\t   <\/div>\n\t\t<\/figure>\n\t<\/div>\n\t[\/vc_column_inner][vc_column_inner width=\u00bb1\/4&#8243; css=\u00bb.vc_custom_1680544543305{padding-top: 0px !important;}\u00bb]\t<div class=\"mo-team tpl2 \">\n\t    <figure class=\"team-member\"> \n           <div class=\"team-img\"><img decoding=\"async\" data-src=\"https:\/\/jornadasaepdiri2023.com\/wp-content\/uploads\/2023\/04\/Hombre-12.png\" alt=\"Ponente de Derecho Internacional P\u00fablico: Dr. Carlos JIM\u00c9NEZ PIERNAS\" src=\"data:image\/gif;base64,R0lGODlhAQABAAAAACH5BAEKAAEALAAAAAABAAEAAAICTAEAOw==\" class=\"lazyload\" style=\"--smush-placeholder-width: 234px; --smush-placeholder-aspect-ratio: 234\/283;\" \/><div class=\"overlay\"><\/div><\/div>\t\t   <div class=\"team-social social-icons style1\">\n\t\t\t  <a href=\"#\" target=\"_blank\" class=\"twitter\"><span class=\"fa fa-twitter\"><\/span><\/a><a href=\"#\" target=\"_blank\" class=\"linkedin\"><span class=\"fa fa-linkedin\"><\/span><\/a><a href=\"#\" target=\"_blank\" class=\"instagram\"><span class=\"fa fa-instagram\"><\/span><\/a>\t\t <\/div>\n\t\t <div class=\"team-title\">\n\t       \t   <h5>Ponente de Derecho Internacional P\u00fablico: Dr. Carlos JIM\u00c9NEZ PIERNAS<\/h5>\t\t\t   <h6>Catedr\u00e1tico de Derecho Internacional P\u00fablico. Universidad de Alcal\u00e1.<\/h6>\t\t\t   \n\t\t   <\/div>\n\t\t<\/figure>\n\t<\/div>\n\t[\/vc_column_inner][\/vc_row_inner][vc_row_inner css=\u00bb.vc_custom_1680544098514{padding-top: 0px !important;}\u00bb][vc_column_inner width=\u00bb1\/4&#8243;]\t<div class=\"mo-team tpl2 \">\n\t    <figure class=\"team-member\"> \n           <div class=\"team-img\"><img decoding=\"async\" data-src=\"https:\/\/jornadasaepdiri2023.com\/wp-content\/uploads\/2023\/04\/Hombre-12.png\" alt=\"Ponente de Derecho Internacional Privado: Dr. Juan Jos\u00e9 \u00c1LVAREZ RUBIO\" src=\"data:image\/gif;base64,R0lGODlhAQABAAAAACH5BAEKAAEALAAAAAABAAEAAAICTAEAOw==\" class=\"lazyload\" style=\"--smush-placeholder-width: 234px; --smush-placeholder-aspect-ratio: 234\/283;\" \/><div class=\"overlay\"><\/div><\/div>\t\t   <div class=\"team-social social-icons style1\">\n\t\t\t  <a href=\"#\" target=\"_blank\" class=\"facebook\"><span class=\"fa fa-facebook\"><\/span><\/a><a href=\"#\" target=\"_blank\" class=\"twitter\"><span class=\"fa fa-twitter\"><\/span><\/a><a href=\"#\" target=\"_blank\" class=\"linkedin\"><span class=\"fa fa-linkedin\"><\/span><\/a><a href=\"#\" target=\"_blank\" class=\"instagram\"><span class=\"fa fa-instagram\"><\/span><\/a>\t\t <\/div>\n\t\t <div class=\"team-title\">\n\t       \t   <h5>Ponente de Derecho Internacional Privado: Dr. Juan Jos\u00e9 \u00c1LVAREZ RUBIO<\/h5>\t\t\t   <h6>Catedr\u00e1tico de Derecho Internacional Privado. Universidad del Pa\u00eds Vasco.<\/h6>\t\t\t   \n\t\t   <\/div>\n\t\t<\/figure>\n\t<\/div>\n\t[\/vc_column_inner][vc_column_inner width=\u00bb1\/4&#8243;]\t<div class=\"mo-team tpl2 \">\n\t    <figure class=\"team-member\"> \n           <div class=\"team-img\"><img decoding=\"async\" data-src=\"https:\/\/jornadasaepdiri2023.com\/wp-content\/uploads\/2023\/04\/Hombre-12.png\" alt=\"Ponente de Relaciones Internacionales: Dr. Jos\u00e9 Antonio SANAHUJA PERALES\" src=\"data:image\/gif;base64,R0lGODlhAQABAAAAACH5BAEKAAEALAAAAAABAAEAAAICTAEAOw==\" class=\"lazyload\" style=\"--smush-placeholder-width: 234px; --smush-placeholder-aspect-ratio: 234\/283;\" \/><div class=\"overlay\"><\/div><\/div>\t\t   <div class=\"team-social social-icons style1\">\n\t\t\t  <a href=\"#\" target=\"_blank\" class=\"twitter\"><span class=\"fa fa-twitter\"><\/span><\/a><a href=\"#\" target=\"_blank\" class=\"linkedin\"><span class=\"fa fa-linkedin\"><\/span><\/a><a href=\"#\" target=\"_blank\" class=\"instagram\"><span class=\"fa fa-instagram\"><\/span><\/a>\t\t <\/div>\n\t\t <div class=\"team-title\">\n\t       \t   <h5>Ponente de Relaciones Internacionales: Dr. Jos\u00e9 Antonio SANAHUJA PERALES<\/h5>\t\t\t   <h6>Catedr\u00e1tico de Relaciones Internacionales. Universidad Complutense de Madrid.<\/h6>\t\t\t   \n\t\t   <\/div>\n\t\t<\/figure>\n\t<\/div>\n\t[\/vc_column_inner][vc_column_inner width=\u00bb1\/4&#8243;]\t<div class=\"mo-team tpl2 \">\n\t    <figure class=\"team-member\"> \n           <div class=\"team-img\"><img decoding=\"async\" data-src=\"https:\/\/jornadasaepdiri2023.com\/wp-content\/uploads\/2023\/04\/Hombre-12.png\" alt=\"Moderador: Dr. Jos\u00e9 Luis DE CASTRO RUANO\" src=\"data:image\/gif;base64,R0lGODlhAQABAAAAACH5BAEKAAEALAAAAAABAAEAAAICTAEAOw==\" class=\"lazyload\" style=\"--smush-placeholder-width: 234px; --smush-placeholder-aspect-ratio: 234\/283;\" \/><div class=\"overlay\"><\/div><\/div>\t\t   <div class=\"team-social social-icons style1\">\n\t\t\t  <a href=\"#\" target=\"_blank\" class=\"twitter\"><span class=\"fa fa-twitter\"><\/span><\/a><a href=\"#\" target=\"_blank\" class=\"linkedin\"><span class=\"fa fa-linkedin\"><\/span><\/a><a href=\"#\" target=\"_blank\" class=\"instagram\"><span class=\"fa fa-instagram\"><\/span><\/a>\t\t <\/div>\n\t\t <div class=\"team-title\">\n\t       \t   <h5>Moderador: Dr. Jos\u00e9 Luis DE CASTRO RUANO<\/h5>\t\t\t   <h6>Profesor Titular de Relaciones Internacionales. Universidad del Pa\u00eds Vasco.<\/h6>\t\t\t   \n\t\t   <\/div>\n\t\t<\/figure>\n\t<\/div>\n\t[\/vc_column_inner][vc_column_inner width=\u00bb1\/4&#8243;]\t<div class=\"mo-team tpl2 \">\n\t    <figure class=\"team-member\"> \n           <div class=\"team-img\"><img decoding=\"async\" data-src=\"https:\/\/jornadasaepdiri2023.com\/wp-content\/uploads\/2023\/04\/Mujer-1.png\" alt=\"Ponente de Derecho Internacional P\u00fablico: Dra. Soledad TORRECUADRADA GARC\u00cdA-LOZANO\" src=\"data:image\/gif;base64,R0lGODlhAQABAAAAACH5BAEKAAEALAAAAAABAAEAAAICTAEAOw==\" class=\"lazyload\" style=\"--smush-placeholder-width: 233px; --smush-placeholder-aspect-ratio: 233\/282;\" \/><div class=\"overlay\"><\/div><\/div>\t\t   <div class=\"team-social social-icons style1\">\n\t\t\t  <a href=\"#\" target=\"_blank\" class=\"twitter\"><span class=\"fa fa-twitter\"><\/span><\/a><a href=\"#\" target=\"_blank\" class=\"linkedin\"><span class=\"fa fa-linkedin\"><\/span><\/a><a href=\"#\" target=\"_blank\" class=\"instagram\"><span class=\"fa fa-instagram\"><\/span><\/a>\t\t <\/div>\n\t\t <div class=\"team-title\">\n\t       \t   <h5>Ponente de Derecho Internacional P\u00fablico: Dra. Soledad TORRECUADRADA GARC\u00cdA-LOZANO<\/h5>\t\t\t   <h6>Catedr\u00e1tica de Derecho Internacional P\u00fablico y Relaciones Internacionales. Universidad Aut\u00f3noma de Madrid.<\/h6>\t\t\t   \n\t\t   <\/div>\n\t\t<\/figure>\n\t<\/div>\n\t[\/vc_column_inner][\/vc_row_inner][vc_row_inner css=\u00bb.vc_custom_1680544098514{padding-top: 0px !important;}\u00bb][vc_column_inner width=\u00bb1\/4&#8243;]\t<div class=\"mo-team tpl2 \">\n\t    <figure class=\"team-member\"> \n           <div class=\"team-img\"><img decoding=\"async\" data-src=\"https:\/\/jornadasaepdiri2023.com\/wp-content\/uploads\/2023\/04\/Hombre-12.png\" alt=\"Ponente de Derecho Internacional Privado: Dr. Federico GARAU SOBRINO\" src=\"data:image\/gif;base64,R0lGODlhAQABAAAAACH5BAEKAAEALAAAAAABAAEAAAICTAEAOw==\" class=\"lazyload\" style=\"--smush-placeholder-width: 234px; --smush-placeholder-aspect-ratio: 234\/283;\" \/><div class=\"overlay\"><\/div><\/div>\t\t   <div class=\"team-social social-icons style1\">\n\t\t\t  <a href=\"#\" target=\"_blank\" class=\"facebook\"><span class=\"fa fa-facebook\"><\/span><\/a><a href=\"#\" target=\"_blank\" class=\"twitter\"><span class=\"fa fa-twitter\"><\/span><\/a><a href=\"#\" target=\"_blank\" class=\"linkedin\"><span class=\"fa fa-linkedin\"><\/span><\/a><a href=\"#\" target=\"_blank\" class=\"instagram\"><span class=\"fa fa-instagram\"><\/span><\/a>\t\t <\/div>\n\t\t <div class=\"team-title\">\n\t       \t   <h5>Ponente de Derecho Internacional Privado: Dr. Federico GARAU SOBRINO<\/h5>\t\t\t   <h6>Catedr\u00e1tico de Derecho Internacional Privado. Universitat de les Illes Balears.<\/h6>\t\t\t   \n\t\t   <\/div>\n\t\t<\/figure>\n\t<\/div>\n\t[\/vc_column_inner][vc_column_inner width=\u00bb1\/4&#8243;]\t<div class=\"mo-team tpl2 \">\n\t    <figure class=\"team-member\"> \n           <div class=\"team-img\"><img decoding=\"async\" data-src=\"https:\/\/jornadasaepdiri2023.com\/wp-content\/uploads\/2023\/04\/Mujer-1.png\" alt=\"Ponente de Relaciones Internacionales: Dra. Sagrario MOR\u00c1N BLANCO\" src=\"data:image\/gif;base64,R0lGODlhAQABAAAAACH5BAEKAAEALAAAAAABAAEAAAICTAEAOw==\" class=\"lazyload\" style=\"--smush-placeholder-width: 233px; --smush-placeholder-aspect-ratio: 233\/282;\" \/><div class=\"overlay\"><\/div><\/div>\t\t   <div class=\"team-social social-icons style1\">\n\t\t\t  <a href=\"#\" target=\"_blank\" class=\"twitter\"><span class=\"fa fa-twitter\"><\/span><\/a><a href=\"#\" target=\"_blank\" class=\"linkedin\"><span class=\"fa fa-linkedin\"><\/span><\/a><a href=\"#\" target=\"_blank\" class=\"instagram\"><span class=\"fa fa-instagram\"><\/span><\/a>\t\t <\/div>\n\t\t <div class=\"team-title\">\n\t       \t   <h5>Ponente de Relaciones Internacionales: Dra. Sagrario MOR\u00c1N BLANCO<\/h5>\t\t\t   <h6>Catedr\u00e1tica de Relaciones Internacionales. Universidad Rey Juan Carlos de Madrid.<\/h6>\t\t\t   \n\t\t   <\/div>\n\t\t<\/figure>\n\t<\/div>\n\t[\/vc_column_inner][vc_column_inner width=\u00bb1\/4&#8243;]\t<div class=\"mo-team tpl2 \">\n\t    <figure class=\"team-member\"> \n           <div class=\"team-img\"><img decoding=\"async\" data-src=\"https:\/\/jornadasaepdiri2023.com\/wp-content\/uploads\/2023\/04\/Hombre-12.png\" alt=\"Moderador: Dr. Luis Norberto GONZ\u00c1LEZ ALONSO\" src=\"data:image\/gif;base64,R0lGODlhAQABAAAAACH5BAEKAAEALAAAAAABAAEAAAICTAEAOw==\" class=\"lazyload\" style=\"--smush-placeholder-width: 234px; --smush-placeholder-aspect-ratio: 234\/283;\" \/><div class=\"overlay\"><\/div><\/div>\t\t   <div class=\"team-social social-icons style1\">\n\t\t\t  <a href=\"#\" target=\"_blank\" class=\"twitter\"><span class=\"fa fa-twitter\"><\/span><\/a><a href=\"#\" target=\"_blank\" class=\"linkedin\"><span class=\"fa fa-linkedin\"><\/span><\/a><a href=\"#\" target=\"_blank\" class=\"instagram\"><span class=\"fa fa-instagram\"><\/span><\/a>\t\t <\/div>\n\t\t <div class=\"team-title\">\n\t       \t   <h5>Moderador: Dr. Luis Norberto GONZ\u00c1LEZ ALONSO<\/h5>\t\t\t   <h6>Catedr\u00e1tico de Derecho Internacional P\u00fablico y Relaciones Internacionales. Universidad de Salamanca.<\/h6>\t\t\t   \n\t\t   <\/div>\n\t\t<\/figure>\n\t<\/div>\n\t[\/vc_column_inner][vc_column_inner width=\u00bb1\/4&#8243;]\t<div class=\"mo-team tpl2 \">\n\t    <figure class=\"team-member\"> \n           <div class=\"team-img\"><img decoding=\"async\" data-src=\"https:\/\/jornadasaepdiri2023.com\/wp-content\/uploads\/2023\/04\/Hombre-12.png\" alt=\"Ponente de Derecho Internacional P\u00fablico: Dr. Jordi BONET I P\u00c9REZ\" src=\"data:image\/gif;base64,R0lGODlhAQABAAAAACH5BAEKAAEALAAAAAABAAEAAAICTAEAOw==\" class=\"lazyload\" style=\"--smush-placeholder-width: 234px; --smush-placeholder-aspect-ratio: 234\/283;\" \/><div class=\"overlay\"><\/div><\/div>\t\t   <div class=\"team-social social-icons style1\">\n\t\t\t  <a href=\"#\" target=\"_blank\" class=\"twitter\"><span class=\"fa fa-twitter\"><\/span><\/a><a href=\"#\" target=\"_blank\" class=\"linkedin\"><span class=\"fa fa-linkedin\"><\/span><\/a><a href=\"#\" target=\"_blank\" class=\"instagram\"><span class=\"fa fa-instagram\"><\/span><\/a>\t\t <\/div>\n\t\t <div class=\"team-title\">\n\t       \t   <h5>Ponente de Derecho Internacional P\u00fablico: Dr. Jordi BONET I P\u00c9REZ<\/h5>\t\t\t   <h6>Catedr\u00e1tico de Derecho Internacional P\u00fablico. Universidad de Barcelona.<\/h6>\t\t\t   \n\t\t   <\/div>\n\t\t<\/figure>\n\t<\/div>\n\t[\/vc_column_inner][\/vc_row_inner][vc_row_inner css=\u00bb.vc_custom_1680544098514{padding-top: 0px !important;}\u00bb][vc_column_inner width=\u00bb1\/4&#8243;]\t<div class=\"mo-team tpl2 \">\n\t    <figure class=\"team-member\"> \n           <div class=\"team-img\"><img decoding=\"async\" data-src=\"https:\/\/jornadasaepdiri2023.com\/wp-content\/uploads\/2023\/04\/Mujer-1.png\" alt=\"Ponente de Derecho Internacional Privado: Dra. Natividad GO\u00d1I URRIZA.\" src=\"data:image\/gif;base64,R0lGODlhAQABAAAAACH5BAEKAAEALAAAAAABAAEAAAICTAEAOw==\" class=\"lazyload\" style=\"--smush-placeholder-width: 233px; --smush-placeholder-aspect-ratio: 233\/282;\" \/><div class=\"overlay\"><\/div><\/div>\t\t   <div class=\"team-social social-icons style1\">\n\t\t\t  <a href=\"#\" target=\"_blank\" class=\"facebook\"><span class=\"fa fa-facebook\"><\/span><\/a><a href=\"#\" target=\"_blank\" class=\"twitter\"><span class=\"fa fa-twitter\"><\/span><\/a><a href=\"#\" target=\"_blank\" class=\"linkedin\"><span class=\"fa fa-linkedin\"><\/span><\/a><a href=\"#\" target=\"_blank\" class=\"instagram\"><span class=\"fa fa-instagram\"><\/span><\/a>\t\t <\/div>\n\t\t <div class=\"team-title\">\n\t       \t   <h5>Ponente de Derecho Internacional Privado: Dra. Natividad GO\u00d1I URRIZA.<\/h5>\t\t\t   <h6>Profesora Titular de Derecho Internacional Privado. Universidad P\u00fablica de Navarra.<\/h6>\t\t\t   \n\t\t   <\/div>\n\t\t<\/figure>\n\t<\/div>\n\t[\/vc_column_inner][vc_column_inner width=\u00bb1\/4&#8243;]\t<div class=\"mo-team tpl2 \">\n\t    <figure class=\"team-member\"> \n           <div class=\"team-img\"><img decoding=\"async\" data-src=\"https:\/\/jornadasaepdiri2023.com\/wp-content\/uploads\/2023\/04\/Hombre-12.png\" alt=\"Ponente de Relaciones Internacionales: Dr. Rafael CALDUCH CERVERA\" src=\"data:image\/gif;base64,R0lGODlhAQABAAAAACH5BAEKAAEALAAAAAABAAEAAAICTAEAOw==\" class=\"lazyload\" style=\"--smush-placeholder-width: 234px; --smush-placeholder-aspect-ratio: 234\/283;\" \/><div class=\"overlay\"><\/div><\/div>\t\t   <div class=\"team-social social-icons style1\">\n\t\t\t  <a href=\"#\" target=\"_blank\" class=\"twitter\"><span class=\"fa fa-twitter\"><\/span><\/a><a href=\"#\" target=\"_blank\" class=\"linkedin\"><span class=\"fa fa-linkedin\"><\/span><\/a><a href=\"#\" target=\"_blank\" class=\"instagram\"><span class=\"fa fa-instagram\"><\/span><\/a>\t\t <\/div>\n\t\t <div class=\"team-title\">\n\t       \t   <h5>Ponente de Relaciones Internacionales: Dr. Rafael CALDUCH CERVERA<\/h5>\t\t\t   <h6>Catedr\u00e1tico de Relaciones Internacionales. Universidad Complutense de Madrid.<\/h6>\t\t\t   \n\t\t   <\/div>\n\t\t<\/figure>\n\t<\/div>\n\t[\/vc_column_inner][vc_column_inner width=\u00bb1\/4&#8243;]\t<div class=\"mo-team tpl2 \">\n\t    <figure class=\"team-member\"> \n           <div class=\"team-img\"><img decoding=\"async\" data-src=\"https:\/\/jornadasaepdiri2023.com\/wp-content\/uploads\/2023\/04\/Hombre-12.png\" alt=\"Moderador: Dr. Guillermo PALAO MORENO\" src=\"data:image\/gif;base64,R0lGODlhAQABAAAAACH5BAEKAAEALAAAAAABAAEAAAICTAEAOw==\" class=\"lazyload\" style=\"--smush-placeholder-width: 234px; --smush-placeholder-aspect-ratio: 234\/283;\" \/><div class=\"overlay\"><\/div><\/div>\t\t   <div class=\"team-social social-icons style1\">\n\t\t\t  <a href=\"#\" target=\"_blank\" class=\"twitter\"><span class=\"fa fa-twitter\"><\/span><\/a><a href=\"#\" target=\"_blank\" class=\"linkedin\"><span class=\"fa fa-linkedin\"><\/span><\/a><a href=\"#\" target=\"_blank\" class=\"instagram\"><span class=\"fa fa-instagram\"><\/span><\/a>\t\t <\/div>\n\t\t <div class=\"team-title\">\n\t       \t   <h5>Moderador: Dr. Guillermo PALAO MORENO<\/h5>\t\t\t   <h6>Catedr\u00e1tico de Derecho Internacional Privado. Universidad de Valencia.<\/h6>\t\t\t   \n\t\t   <\/div>\n\t\t<\/figure>\n\t<\/div>\n\t[\/vc_column_inner][vc_column_inner width=\u00bb1\/4&#8243;]\t<div class=\"mo-team tpl2 \">\n\t    <figure class=\"team-member\"> \n           <div class=\"team-img\"><img decoding=\"async\" data-src=\"https:\/\/jornadasaepdiri2023.com\/wp-content\/uploads\/2023\/04\/Mujer-1.png\" alt=\"Ponente de Derecho Internacional P\u00fablico: Dra. Rosario OJINAGA RUIZ\" src=\"data:image\/gif;base64,R0lGODlhAQABAAAAACH5BAEKAAEALAAAAAABAAEAAAICTAEAOw==\" class=\"lazyload\" style=\"--smush-placeholder-width: 233px; --smush-placeholder-aspect-ratio: 233\/282;\" \/><div class=\"overlay\"><\/div><\/div>\t\t   <div class=\"team-social social-icons style1\">\n\t\t\t  <a href=\"#\" target=\"_blank\" class=\"twitter\"><span class=\"fa fa-twitter\"><\/span><\/a><a href=\"#\" target=\"_blank\" class=\"linkedin\"><span class=\"fa fa-linkedin\"><\/span><\/a><a href=\"#\" target=\"_blank\" class=\"instagram\"><span class=\"fa fa-instagram\"><\/span><\/a>\t\t <\/div>\n\t\t <div class=\"team-title\">\n\t       \t   <h5>Ponente de Derecho Internacional P\u00fablico: Dra. Rosario OJINAGA RUIZ<\/h5>\t\t\t   <h6>Profesora Titular de Derecho Internacional P\u00fablico. Universidad de Cantabria.<\/h6>\t\t\t   \n\t\t   <\/div>\n\t\t<\/figure>\n\t<\/div>\n\t[\/vc_column_inner][\/vc_row_inner][vc_row_inner css=\u00bb.vc_custom_1680544098514{padding-top: 0px !important;}\u00bb][vc_column_inner width=\u00bb1\/4&#8243;]\t<div class=\"mo-team tpl2 \">\n\t    <figure class=\"team-member\"> \n           <div class=\"team-img\"><img decoding=\"async\" data-src=\"https:\/\/jornadasaepdiri2023.com\/wp-content\/uploads\/2023\/04\/Mujer-1.png\" alt=\"Ponente de Derecho Internacional Privado: Dra. Beatriz A\u00d1OVEROS TERRADAS\" src=\"data:image\/gif;base64,R0lGODlhAQABAAAAACH5BAEKAAEALAAAAAABAAEAAAICTAEAOw==\" class=\"lazyload\" style=\"--smush-placeholder-width: 233px; --smush-placeholder-aspect-ratio: 233\/282;\" \/><div class=\"overlay\"><\/div><\/div>\t\t   <div class=\"team-social social-icons style1\">\n\t\t\t  <a href=\"#\" target=\"_blank\" class=\"facebook\"><span class=\"fa fa-facebook\"><\/span><\/a><a href=\"#\" target=\"_blank\" class=\"twitter\"><span class=\"fa fa-twitter\"><\/span><\/a><a href=\"#\" target=\"_blank\" class=\"linkedin\"><span class=\"fa fa-linkedin\"><\/span><\/a><a href=\"#\" target=\"_blank\" class=\"instagram\"><span class=\"fa fa-instagram\"><\/span><\/a>\t\t <\/div>\n\t\t <div class=\"team-title\">\n\t       \t   <h5>Ponente de Derecho Internacional Privado: Dra. Beatriz A\u00d1OVEROS TERRADAS<\/h5>\t\t\t   <h6>Catedr\u00e1tica de Derecho Internacional Privado. Universidad de Barcelona.<\/h6>\t\t\t   \n\t\t   <\/div>\n\t\t<\/figure>\n\t<\/div>\n\t[\/vc_column_inner][vc_column_inner width=\u00bb1\/4&#8243;]\t<div class=\"mo-team tpl2 \">\n\t    <figure class=\"team-member\"> \n           <div class=\"team-img\"><img decoding=\"async\" data-src=\"https:\/\/jornadasaepdiri2023.com\/wp-content\/uploads\/2023\/04\/Mujer-1.png\" alt=\"Ponente de Relaciones Internacionales: Dra. Irene RODR\u00cdGUEZ MANZANO\" src=\"data:image\/gif;base64,R0lGODlhAQABAAAAACH5BAEKAAEALAAAAAABAAEAAAICTAEAOw==\" class=\"lazyload\" style=\"--smush-placeholder-width: 233px; --smush-placeholder-aspect-ratio: 233\/282;\" \/><div class=\"overlay\"><\/div><\/div>\t\t   <div class=\"team-social social-icons style1\">\n\t\t\t  <a href=\"#\" target=\"_blank\" class=\"twitter\"><span class=\"fa fa-twitter\"><\/span><\/a><a href=\"#\" target=\"_blank\" class=\"linkedin\"><span class=\"fa fa-linkedin\"><\/span><\/a><a href=\"#\" target=\"_blank\" class=\"instagram\"><span class=\"fa fa-instagram\"><\/span><\/a>\t\t <\/div>\n\t\t <div class=\"team-title\">\n\t       \t   <h5>Ponente de Relaciones Internacionales: Dra. Irene RODR\u00cdGUEZ MANZANO<\/h5>\t\t\t   <h6>Profesora Titular de Relaciones Internacionales. Universidad de Santiago.<\/h6>\t\t\t   \n\t\t   <\/div>\n\t\t<\/figure>\n\t<\/div>\n\t[\/vc_column_inner][vc_column_inner width=\u00bb1\/4&#8243;]\t<div class=\"mo-team tpl2 \">\n\t    <figure class=\"team-member\"> \n           <div class=\"team-img\"><img decoding=\"async\" data-src=\"https:\/\/jornadasaepdiri2023.com\/wp-content\/uploads\/2023\/04\/Hombre-12.png\" alt=\"Moderador: Dr. Javier Andr\u00e9s GONZ\u00c1LEZ VEGA.\" src=\"data:image\/gif;base64,R0lGODlhAQABAAAAACH5BAEKAAEALAAAAAABAAEAAAICTAEAOw==\" class=\"lazyload\" style=\"--smush-placeholder-width: 234px; --smush-placeholder-aspect-ratio: 234\/283;\" \/><div class=\"overlay\"><\/div><\/div>\t\t   <div class=\"team-social social-icons style1\">\n\t\t\t  <a href=\"#\" target=\"_blank\" class=\"twitter\"><span class=\"fa fa-twitter\"><\/span><\/a><a href=\"#\" target=\"_blank\" class=\"linkedin\"><span class=\"fa fa-linkedin\"><\/span><\/a><a href=\"#\" target=\"_blank\" class=\"instagram\"><span class=\"fa fa-instagram\"><\/span><\/a>\t\t <\/div>\n\t\t <div class=\"team-title\">\n\t       \t   <h5>Moderador: Dr. Javier Andr\u00e9s GONZ\u00c1LEZ VEGA.<\/h5>\t\t\t   <h6>Catedr\u00e1tico de Derecho Internacional P\u00fablico. Universidad de Oviedo.<\/h6>\t\t\t   \n\t\t   <\/div>\n\t\t<\/figure>\n\t<\/div>\n\t[\/vc_column_inner][vc_column_inner width=\u00bb1\/4&#8243;]\t<div class=\"mo-team tpl2 \">\n\t    <figure class=\"team-member\"> \n           <div class=\"team-img\"><img decoding=\"async\" data-src=\"https:\/\/jornadasaepdiri2023.com\/wp-content\/uploads\/2023\/04\/Hombre-12.png\" alt=\"Ponente de Derecho Internacional P\u00fablico: Dr. Alejandro DEL VALLE G\u00c1LVEZ\" src=\"data:image\/gif;base64,R0lGODlhAQABAAAAACH5BAEKAAEALAAAAAABAAEAAAICTAEAOw==\" class=\"lazyload\" style=\"--smush-placeholder-width: 234px; --smush-placeholder-aspect-ratio: 234\/283;\" \/><div class=\"overlay\"><\/div><\/div>\t\t   <div class=\"team-social social-icons style1\">\n\t\t\t  <a href=\"#\" target=\"_blank\" class=\"twitter\"><span class=\"fa fa-twitter\"><\/span><\/a><a href=\"#\" target=\"_blank\" class=\"linkedin\"><span class=\"fa fa-linkedin\"><\/span><\/a><a href=\"#\" target=\"_blank\" class=\"instagram\"><span class=\"fa fa-instagram\"><\/span><\/a>\t\t <\/div>\n\t\t <div class=\"team-title\">\n\t       \t   <h5>Ponente de Derecho Internacional P\u00fablico: Dr. Alejandro DEL VALLE G\u00c1LVEZ<\/h5>\t\t\t   <h6>Catedr\u00e1tico de Derecho Internacional P\u00fablico y Relaciones Internacionales. Universidad de C\u00e1diz.<\/h6>\t\t\t   \n\t\t   <\/div>\n\t\t<\/figure>\n\t<\/div>\n\t[\/vc_column_inner][\/vc_row_inner][vc_row_inner css=\u00bb.vc_custom_1680544098514{padding-top: 0px !important;}\u00bb][vc_column_inner width=\u00bb1\/4&#8243;]\t<div class=\"mo-team tpl2 \">\n\t    <figure class=\"team-member\"> \n           <div class=\"team-img\"><img decoding=\"async\" data-src=\"https:\/\/jornadasaepdiri2023.com\/wp-content\/uploads\/2023\/04\/Mujer-1.png\" alt=\"Ponente de Derecho Internacional Privado: Dra. Salom\u00e9 ADROHER BIOSCA\" src=\"data:image\/gif;base64,R0lGODlhAQABAAAAACH5BAEKAAEALAAAAAABAAEAAAICTAEAOw==\" class=\"lazyload\" style=\"--smush-placeholder-width: 233px; --smush-placeholder-aspect-ratio: 233\/282;\" \/><div class=\"overlay\"><\/div><\/div>\t\t   <div class=\"team-social social-icons style1\">\n\t\t\t  <a href=\"#\" target=\"_blank\" class=\"facebook\"><span class=\"fa fa-facebook\"><\/span><\/a><a href=\"#\" target=\"_blank\" class=\"twitter\"><span class=\"fa fa-twitter\"><\/span><\/a><a href=\"#\" target=\"_blank\" class=\"linkedin\"><span class=\"fa fa-linkedin\"><\/span><\/a><a href=\"#\" target=\"_blank\" class=\"instagram\"><span class=\"fa fa-instagram\"><\/span><\/a>\t\t <\/div>\n\t\t <div class=\"team-title\">\n\t       \t   <h5>Ponente de Derecho Internacional Privado: Dra. Salom\u00e9 ADROHER BIOSCA<\/h5>\t\t\t   <h6>Profesora Ordinaria de Derecho Internacional Privado. Universidad de Comillas.<\/h6>\t\t\t   \n\t\t   <\/div>\n\t\t<\/figure>\n\t<\/div>\n\t[\/vc_column_inner][vc_column_inner width=\u00bb1\/4&#8243;]\t<div class=\"mo-team tpl2 \">\n\t    <figure class=\"team-member\"> \n           <div class=\"team-img\"><img decoding=\"async\" data-src=\"https:\/\/jornadasaepdiri2023.com\/wp-content\/uploads\/2023\/04\/Mujer-1.png\" alt=\"Ponente de Relaciones Internacionales: Dra. Esther BARB\u00c9 IZUEL\" src=\"data:image\/gif;base64,R0lGODlhAQABAAAAACH5BAEKAAEALAAAAAABAAEAAAICTAEAOw==\" class=\"lazyload\" style=\"--smush-placeholder-width: 233px; --smush-placeholder-aspect-ratio: 233\/282;\" \/><div class=\"overlay\"><\/div><\/div>\t\t   <div class=\"team-social social-icons style1\">\n\t\t\t  <a href=\"#\" target=\"_blank\" class=\"twitter\"><span class=\"fa fa-twitter\"><\/span><\/a><a href=\"#\" target=\"_blank\" class=\"linkedin\"><span class=\"fa fa-linkedin\"><\/span><\/a><a href=\"#\" target=\"_blank\" class=\"instagram\"><span class=\"fa fa-instagram\"><\/span><\/a>\t\t <\/div>\n\t\t <div class=\"team-title\">\n\t       \t   <h5>Ponente de Relaciones Internacionales: Dra. Esther BARB\u00c9 IZUEL<\/h5>\t\t\t   <h6>Catedr\u00e1tica de Relaciones Internacionales. Universidad Aut\u00f3noma de Barcelona.<\/h6>\t\t\t   \n\t\t   <\/div>\n\t\t<\/figure>\n\t<\/div>\n\t[\/vc_column_inner][\/vc_row_inner][\/vc_column][\/vc_row]<\/p>\n<\/section>","protected":false},"excerpt":{"rendered":"<p>[vc_row content_animation=\u00bbyes\u00bb mo_init_scale_x=\u00bb1&#8243; mo_init_scale_y=\u00bb1&#8243; mo_init_scale_z=\u00bb1&#8243; mo_init_opacity=\u00bb0&#8243; mo_an_scale_x=\u00bb1&#8243; mo_an_scale_y=\u00bb1&#8243; mo_an_scale_z=\u00bb1&#8243; mo_an_opacity=\u00bb1&#8243; css=\u00bb.vc_custom_1598834138891{padding-top: 100px !important;padding-bottom: 100px !important;}\u00bb mo_init_translate_y=\u00bb60&#8243; mo_init_translate_z=\u00bb32&#8243; mo_init_rotate_x=\u00bb-29&#8243;][vc_column][vc_row_inner css=\u00bb.vc_custom_1680544098514{padding-top: 0px !important;}\u00bb][vc_column_inner width=\u00bb1\/4&#8243;][\/vc_column_inner][vc_column_inner width=\u00bb1\/4&#8243;][\/vc_column_inner][vc_column_inner width=\u00bb1\/4&#8243;][\/vc_column_inner][vc_column_inner width=\u00bb1\/4&#8243; css=\u00bb.vc_custom_1680544543305{padding-top: 0px !important;}\u00bb][\/vc_column_inner][\/vc_row_inner][vc_row_inner css=\u00bb.vc_custom_1680544098514{padding-top: 0px !important;}\u00bb][vc_column_inner width=\u00bb1\/4&#8243;][\/vc_column_inner][vc_column_inner width=\u00bb1\/4&#8243;][\/vc_column_inner][vc_column_inner width=\u00bb1\/4&#8243;][\/vc_column_inner][vc_column_inner width=\u00bb1\/4&#8243;][\/vc_column_inner][\/vc_row_inner][vc_row_inner css=\u00bb.vc_custom_1680544098514{padding-top: 0px !important;}\u00bb][vc_column_inner width=\u00bb1\/4&#8243;][\/vc_column_inner][vc_column_inner width=\u00bb1\/4&#8243;][\/vc_column_inner][\/vc_row_inner][\/vc_column][\/vc_row][vc_row content_animation=\u00bbyes\u00bb mo_init_scale_x=\u00bb1&#8243; mo_init_scale_y=\u00bb1&#8243; mo_init_scale_z=\u00bb1&#8243; mo_init_opacity=\u00bb0&#8243; mo_an_scale_x=\u00bb1&#8243; mo_an_scale_y=\u00bb1&#8243; mo_an_scale_z=\u00bb1&#8243; mo_an_opacity=\u00bb1&#8243; css=\u00bb.vc_custom_1598834138891{padding-top: 100px !important;padding-bottom: 100px !important;}\u00bb mo_init_translate_y=\u00bb60&#8243; [&hellip;]<\/p>\n","protected":false},"author":1,"featured_media":0,"parent":0,"menu_order":0,"comment_status":"closed","ping_status":"closed","template":"","meta":{"_monsterinsights_skip_tracking":false,"_monsterinsights_sitenote_active":false,"_monsterinsights_sitenote_note":"","_monsterinsights_sitenote_category":0,"footnotes":""},"class_list":["post-972","page","type-page","status-publish","hentry"],"_links":{"self":[{"href":"https:\/\/jornadasaepdiri2023.com\/index.php\/wp-json\/wp\/v2\/pages\/972","targetHints":{"allow":["GET"]}}],"collection":[{"href":"https:\/\/jornadasaepdiri2023.com\/index.php\/wp-json\/wp\/v2\/pages"}],"about":[{"href":"https:\/\/jornadasaepdiri2023.com\/index.php\/wp-json\/wp\/v2\/types\/page"}],"author":[{"embeddable":true,"href":"https:\/\/jornadasaepdiri2023.com\/index.php\/wp-json\/wp\/v2\/users\/1"}],"replies":[{"embeddable":true,"href":"https:\/\/jornadasaepdiri2023.com\/index.php\/wp-json\/wp\/v2\/comments?post=972"}],"version-history":[{"count":1,"href":"https:\/\/jornadasaepdiri2023.com\/index.php\/wp-json\/wp\/v2\/pages\/972\/revisions"}],"predecessor-version":[{"id":973,"href":"https:\/\/jornadasaepdiri2023.com\/index.php\/wp-json\/wp\/v2\/pages\/972\/revisions\/973"}],"wp:attachment":[{"href":"https:\/\/jornadasaepdiri2023.com\/index.php\/wp-json\/wp\/v2\/media?parent=972"}],"curies":[{"name":"wp","href":"https:\/\/api.w.org\/{rel}","templated":true}]}}